{"id":2696,"date":"2023-10-06T13:15:18","date_gmt":"2023-10-06T11:15:18","guid":{"rendered":"https:\/\/www.actionenvironnementbeauvechain.be\/?page_id=2696"},"modified":"2023-10-06T13:15:18","modified_gmt":"2023-10-06T11:15:18","slug":"saint-martin-2023","status":"publish","type":"page","link":"https:\/\/www.actionenvironnementbeauvechain.be\/?page_id=2696","title":{"rendered":"Saint-Martin 2023"},"content":{"rendered":"\n<p class=\"has-medium-font-size\">Cette ann\u00e9e, Action Environnement Beauvechain a choisi comme th\u00e8me d\u2019exposition aux F\u00eates de la Saint-Martin :<br>\u00ab&nbsp;<strong>La Nature \u00e0 Beauvechain vue par ses habitants&nbsp;<\/strong>\u00bb<\/p>\n\n\n\n<p class=\"has-medium-font-size\">Participez! Participez! Participez!<\/p>\n\n\n\n<figure class=\"wp-block-image\"><img loading=\"lazy\" decoding=\"async\" width=\"768\" height=\"1024\" src=\"https:\/\/www.actionenvironnementbeauvechain.be\/wp-content\/uploads\/2023\/08\/expo-saint-martin-avec-date-2023-768x1024.jpg\" alt=\"\" class=\"wp-image-2668\" srcset=\"https:\/\/www.actionenvironnementbeauvechain.be\/wp-content\/uploads\/2023\/08\/expo-saint-martin-avec-date-2023-768x1024.jpg 768w, https:\/\/www.actionenvironnementbeauvechain.be\/wp-content\/uploads\/2023\/08\/expo-saint-martin-avec-date-2023-225x300.jpg 225w, https:\/\/www.actionenvironnementbeauvechain.be\/wp-content\/uploads\/2023\/08\/expo-saint-martin-avec-date-2023-1152x1536.jpg 1152w, https:\/\/www.actionenvironnementbeauvechain.be\/wp-content\/uploads\/2023\/08\/expo-saint-martin-avec-date-2023.jpg 1500w\" sizes=\"auto, (max-width: 768px) 100vw, 768px\" \/><\/figure>\n\n\n\n<p>Soit une exposition de photos prises par les habitants de l\u2019entit\u00e9 dans leur jardin ou dans la commune de Beauvechain.<br><br>Voici les modalit\u00e9s :<br>Pour le 15 septembre au plus tard, merci d\u2019envoyer deux photos maximum par personne (photomontages autoris\u00e9s) au format 30\/40cm (paysage ou portrait en mat ou semi-mat) \u00e0 l\u2019adresse suivante<br>(ou de les d\u00e9poser dans la bo\u00eete aux lettres):<\/p>\n\n\n\n<p>Madame Fran\u00e7oise Lettany<br>18 rue des Messes,<br>1320 Hamme-Mille<\/p>\n\n\n\n<p>S\u2019il y a trop de photos pour la place disponible, le comit\u00e9 organisateur proc\u00e9dera \u00e0 une s\u00e9lection.<br>Les int\u00e9ress\u00e9s fournissent leur photo imprim\u00e9e avec la l\u00e9gende de leur choix et la r\u00e9cup\u00e8rent en fin d\u2019expo, sauf s\u2019il y a vente.<br>AEB mettra sous cadre de couleur blanche (attention les bords seront peut-\u00eatre rogn\u00e9s de 5mm par le cadre !).<br>Nous envisageons d\u2019organiser un concours : sera gagnante la photo ayant recueilli le plus grand nombre de suffrages des visiteurs.<br>Voil\u00e0 ! Vous avez ainsi tout l\u2019\u00e9t\u00e9 pour prendre de magnifiques photos que nous sommes impatients de d\u00e9couvrir!<br>Merci d\u2019avance de nous pr\u00e9venir d\u00e8s que possible de votre participation et \u00e0 bient\u00f4t !<\/p>\n","protected":false},"excerpt":{"rendered":"<p>Cette ann\u00e9e, Action Environnement Beauvechain a choisi comme th\u00e8me d\u2019exposition aux F\u00eates de la Saint-Martin :\u00ab&nbsp;La Nature \u00e0 Beauvechain vue par ses habitants&nbsp;\u00bb Participez! Participez! Participez! Soit une exposition de photos prises par les habitants de l\u2019entit\u00e9 dans leur jardin ou dans la commune de Beauvechain. Voici les modalit\u00e9s :Pour le 15 septembre au plus &hellip;<\/p>\n<p class=\"read-more\"> <a class=\"\" href=\"https:\/\/www.actionenvironnementbeauvechain.be\/?page_id=2696\"> <span class=\"screen-reader-text\">Saint-Martin 2023<\/span> Lire la suite\u00a0\u00bb<\/a><\/p>\n","protected":false},"author":1,"featured_media":0,"parent":0,"menu_order":0,"comment_status":"closed","ping_status":"closed","template":"","meta":{"site-sidebar-layout":"default","site-content-layout":"default","ast-main-header-display":"","ast-hfb-above-header-display":"","ast-hfb-below-header-display":"","ast-hfb-mobile-header-display":"","site-post-title":"","ast-breadcrumbs-content":"","ast-featured-img":"","footer-sml-layout":"","theme-transparent-header-meta":"","adv-header-id-meta":"","stick-header-meta":"","header-above-stick-meta":"","header-main-stick-meta":"","header-below-stick-meta":"","footnotes":""},"class_list":["post-2696","page","type-page","status-publish","hentry"],"yoast_head":"<!-- This site is optimized with the Yoast SEO plugin v27.5 - https:\/\/yoast.com\/product\/yoast-seo-wordpress\/ -->\n<title>Saint-Martin 2023 - Action Environnement Beauvechain asbl<\/title>\n<meta name=\"robots\" content=\"index, follow, max-snippet:-1, max-image-preview:large, max-video-preview:-1\" \/>\n<link rel=\"canonical\" href=\"https:\/\/www.actionenvironnementbeauvechain.be\/?page_id=2696\" \/>\n<meta property=\"og:locale\" content=\"fr_FR\" \/>\n<meta property=\"og:type\" content=\"article\" \/>\n<meta property=\"og:title\" content=\"Saint-Martin 2023 - Action Environnement Beauvechain asbl\" \/>\n<meta property=\"og:description\" content=\"Cette ann\u00e9e, Action Environnement Beauvechain a choisi comme th\u00e8me d\u2019exposition aux F\u00eates de la Saint-Martin :\u00ab&nbsp;La Nature \u00e0 Beauvechain vue par ses habitants&nbsp;\u00bb Participez! Participez! Participez! Soit une exposition de photos prises par les habitants de l\u2019entit\u00e9 dans leur jardin ou dans la commune de Beauvechain. Voici les modalit\u00e9s :Pour le 15 septembre au plus &hellip; Saint-Martin 2023 Lire la suite\u00a0\u00bb\" \/>\n<meta property=\"og:url\" content=\"https:\/\/www.actionenvironnementbeauvechain.be\/?page_id=2696\" \/>\n<meta property=\"og:site_name\" content=\"Action Environnement Beauvechain asbl\" \/>\n<meta property=\"article:publisher\" content=\"https:\/\/www.facebook.com\/ActionEnvironnementBeauvechain\" \/>\n<meta property=\"og:image\" content=\"https:\/\/www.actionenvironnementbeauvechain.be\/wp-content\/uploads\/2023\/08\/expo-saint-martin-avec-date-2023-768x1024.jpg\" \/>\n<meta name=\"twitter:card\" content=\"summary_large_image\" \/>\n<meta name=\"twitter:label1\" content=\"Dur\u00e9e de lecture estim\u00e9e\" \/>\n\t<meta name=\"twitter:data1\" content=\"2 minutes\" \/>\n<script type=\"application\/ld+json\" class=\"yoast-schema-graph\">{\"@context\":\"https:\\\/\\\/schema.org\",\"@graph\":[{\"@type\":\"WebPage\",\"@id\":\"https:\\\/\\\/www.actionenvironnementbeauvechain.be\\\/?page_id=2696\",\"url\":\"https:\\\/\\\/www.actionenvironnementbeauvechain.be\\\/?page_id=2696\",\"name\":\"Saint-Martin 2023 - Action Environnement Beauvechain asbl\",\"isPartOf\":{\"@id\":\"https:\\\/\\\/www.actionenvironnementbeauvechain.be\\\/#website\"},\"primaryImageOfPage\":{\"@id\":\"https:\\\/\\\/www.actionenvironnementbeauvechain.be\\\/?page_id=2696#primaryimage\"},\"image\":{\"@id\":\"https:\\\/\\\/www.actionenvironnementbeauvechain.be\\\/?page_id=2696#primaryimage\"},\"thumbnailUrl\":\"https:\\\/\\\/www.actionenvironnementbeauvechain.be\\\/wp-content\\\/uploads\\\/2023\\\/08\\\/expo-saint-martin-avec-date-2023-768x1024.jpg\",\"datePublished\":\"2023-10-06T11:15:18+00:00\",\"breadcrumb\":{\"@id\":\"https:\\\/\\\/www.actionenvironnementbeauvechain.be\\\/?page_id=2696#breadcrumb\"},\"inLanguage\":\"fr-FR\",\"potentialAction\":[{\"@type\":\"ReadAction\",\"target\":[\"https:\\\/\\\/www.actionenvironnementbeauvechain.be\\\/?page_id=2696\"]}]},{\"@type\":\"ImageObject\",\"inLanguage\":\"fr-FR\",\"@id\":\"https:\\\/\\\/www.actionenvironnementbeauvechain.be\\\/?page_id=2696#primaryimage\",\"url\":\"https:\\\/\\\/www.actionenvironnementbeauvechain.be\\\/wp-content\\\/uploads\\\/2023\\\/08\\\/expo-saint-martin-avec-date-2023.jpg\",\"contentUrl\":\"https:\\\/\\\/www.actionenvironnementbeauvechain.be\\\/wp-content\\\/uploads\\\/2023\\\/08\\\/expo-saint-martin-avec-date-2023.jpg\",\"width\":1500,\"height\":2000},{\"@type\":\"BreadcrumbList\",\"@id\":\"https:\\\/\\\/www.actionenvironnementbeauvechain.be\\\/?page_id=2696#breadcrumb\",\"itemListElement\":[{\"@type\":\"ListItem\",\"position\":1,\"name\":\"Accueil\",\"item\":\"https:\\\/\\\/www.actionenvironnementbeauvechain.be\\\/\"},{\"@type\":\"ListItem\",\"position\":2,\"name\":\"Saint-Martin 2023\"}]},{\"@type\":\"WebSite\",\"@id\":\"https:\\\/\\\/www.actionenvironnementbeauvechain.be\\\/#website\",\"url\":\"https:\\\/\\\/www.actionenvironnementbeauvechain.be\\\/\",\"name\":\"Action Environnement Beauvechain asbl\",\"description\":\"Penser globalement, agir localement\",\"publisher\":{\"@id\":\"https:\\\/\\\/www.actionenvironnementbeauvechain.be\\\/#organization\"},\"potentialAction\":[{\"@type\":\"SearchAction\",\"target\":{\"@type\":\"EntryPoint\",\"urlTemplate\":\"https:\\\/\\\/www.actionenvironnementbeauvechain.be\\\/?s={search_term_string}\"},\"query-input\":{\"@type\":\"PropertyValueSpecification\",\"valueRequired\":true,\"valueName\":\"search_term_string\"}}],\"inLanguage\":\"fr-FR\"},{\"@type\":\"Organization\",\"@id\":\"https:\\\/\\\/www.actionenvironnementbeauvechain.be\\\/#organization\",\"name\":\"Action Environnement Beauvechain\",\"url\":\"https:\\\/\\\/www.actionenvironnementbeauvechain.be\\\/\",\"logo\":{\"@type\":\"ImageObject\",\"inLanguage\":\"fr-FR\",\"@id\":\"https:\\\/\\\/www.actionenvironnementbeauvechain.be\\\/#\\\/schema\\\/logo\\\/image\\\/\",\"url\":\"https:\\\/\\\/www.actionenvironnementbeauvechain.be\\\/wp-content\\\/uploads\\\/2021\\\/02\\\/AEB3.jpg\",\"contentUrl\":\"https:\\\/\\\/www.actionenvironnementbeauvechain.be\\\/wp-content\\\/uploads\\\/2021\\\/02\\\/AEB3.jpg\",\"width\":584,\"height\":518,\"caption\":\"Action Environnement Beauvechain\"},\"image\":{\"@id\":\"https:\\\/\\\/www.actionenvironnementbeauvechain.be\\\/#\\\/schema\\\/logo\\\/image\\\/\"},\"sameAs\":[\"https:\\\/\\\/www.facebook.com\\\/ActionEnvironnementBeauvechain\"]}]}<\/script>\n<!-- \/ Yoast SEO plugin. -->","yoast_head_json":{"title":"Saint-Martin 2023 - Action Environnement Beauvechain asbl","robots":{"index":"index","follow":"follow","max-snippet":"max-snippet:-1","max-image-preview":"max-image-preview:large","max-video-preview":"max-video-preview:-1"},"canonical":"https:\/\/www.actionenvironnementbeauvechain.be\/?page_id=2696","og_locale":"fr_FR","og_type":"article","og_title":"Saint-Martin 2023 - Action Environnement Beauvechain asbl","og_description":"Cette ann\u00e9e, Action Environnement Beauvechain a choisi comme th\u00e8me d\u2019exposition aux F\u00eates de la Saint-Martin :\u00ab&nbsp;La Nature \u00e0 Beauvechain vue par ses habitants&nbsp;\u00bb Participez! Participez! Participez! Soit une exposition de photos prises par les habitants de l\u2019entit\u00e9 dans leur jardin ou dans la commune de Beauvechain. Voici les modalit\u00e9s :Pour le 15 septembre au plus &hellip; Saint-Martin 2023 Lire la suite\u00a0\u00bb","og_url":"https:\/\/www.actionenvironnementbeauvechain.be\/?page_id=2696","og_site_name":"Action Environnement Beauvechain asbl","article_publisher":"https:\/\/www.facebook.com\/ActionEnvironnementBeauvechain","og_image":[{"url":"https:\/\/www.actionenvironnementbeauvechain.be\/wp-content\/uploads\/2023\/08\/expo-saint-martin-avec-date-2023-768x1024.jpg","type":"","width":"","height":""}],"twitter_card":"summary_large_image","twitter_misc":{"Dur\u00e9e de lecture estim\u00e9e":"2 minutes"},"schema":{"@context":"https:\/\/schema.org","@graph":[{"@type":"WebPage","@id":"https:\/\/www.actionenvironnementbeauvechain.be\/?page_id=2696","url":"https:\/\/www.actionenvironnementbeauvechain.be\/?page_id=2696","name":"Saint-Martin 2023 - Action Environnement Beauvechain asbl","isPartOf":{"@id":"https:\/\/www.actionenvironnementbeauvechain.be\/#website"},"primaryImageOfPage":{"@id":"https:\/\/www.actionenvironnementbeauvechain.be\/?page_id=2696#primaryimage"},"image":{"@id":"https:\/\/www.actionenvironnementbeauvechain.be\/?page_id=2696#primaryimage"},"thumbnailUrl":"https:\/\/www.actionenvironnementbeauvechain.be\/wp-content\/uploads\/2023\/08\/expo-saint-martin-avec-date-2023-768x1024.jpg","datePublished":"2023-10-06T11:15:18+00:00","breadcrumb":{"@id":"https:\/\/www.actionenvironnementbeauvechain.be\/?page_id=2696#breadcrumb"},"inLanguage":"fr-FR","potentialAction":[{"@type":"ReadAction","target":["https:\/\/www.actionenvironnementbeauvechain.be\/?page_id=2696"]}]},{"@type":"ImageObject","inLanguage":"fr-FR","@id":"https:\/\/www.actionenvironnementbeauvechain.be\/?page_id=2696#primaryimage","url":"https:\/\/www.actionenvironnementbeauvechain.be\/wp-content\/uploads\/2023\/08\/expo-saint-martin-avec-date-2023.jpg","contentUrl":"https:\/\/www.actionenvironnementbeauvechain.be\/wp-content\/uploads\/2023\/08\/expo-saint-martin-avec-date-2023.jpg","width":1500,"height":2000},{"@type":"BreadcrumbList","@id":"https:\/\/www.actionenvironnementbeauvechain.be\/?page_id=2696#breadcrumb","itemListElement":[{"@type":"ListItem","position":1,"name":"Accueil","item":"https:\/\/www.actionenvironnementbeauvechain.be\/"},{"@type":"ListItem","position":2,"name":"Saint-Martin 2023"}]},{"@type":"WebSite","@id":"https:\/\/www.actionenvironnementbeauvechain.be\/#website","url":"https:\/\/www.actionenvironnementbeauvechain.be\/","name":"Action Environnement Beauvechain asbl","description":"Penser globalement, agir localement","publisher":{"@id":"https:\/\/www.actionenvironnementbeauvechain.be\/#organization"},"potentialAction":[{"@type":"SearchAction","target":{"@type":"EntryPoint","urlTemplate":"https:\/\/www.actionenvironnementbeauvechain.be\/?s={search_term_string}"},"query-input":{"@type":"PropertyValueSpecification","valueRequired":true,"valueName":"search_term_string"}}],"inLanguage":"fr-FR"},{"@type":"Organization","@id":"https:\/\/www.actionenvironnementbeauvechain.be\/#organization","name":"Action Environnement Beauvechain","url":"https:\/\/www.actionenvironnementbeauvechain.be\/","logo":{"@type":"ImageObject","inLanguage":"fr-FR","@id":"https:\/\/www.actionenvironnementbeauvechain.be\/#\/schema\/logo\/image\/","url":"https:\/\/www.actionenvironnementbeauvechain.be\/wp-content\/uploads\/2021\/02\/AEB3.jpg","contentUrl":"https:\/\/www.actionenvironnementbeauvechain.be\/wp-content\/uploads\/2021\/02\/AEB3.jpg","width":584,"height":518,"caption":"Action Environnement Beauvechain"},"image":{"@id":"https:\/\/www.actionenvironnementbeauvechain.be\/#\/schema\/logo\/image\/"},"sameAs":["https:\/\/www.facebook.com\/ActionEnvironnementBeauvechain"]}]}},"_links":{"self":[{"href":"https:\/\/www.actionenvironnementbeauvechain.be\/index.php?rest_route=\/wp\/v2\/pages\/2696","targetHints":{"allow":["GET"]}}],"collection":[{"href":"https:\/\/www.actionenvironnementbeauvechain.be\/index.php?rest_route=\/wp\/v2\/pages"}],"about":[{"href":"https:\/\/www.actionenvironnementbeauvechain.be\/index.php?rest_route=\/wp\/v2\/types\/page"}],"author":[{"embeddable":true,"href":"https:\/\/www.actionenvironnementbeauvechain.be\/index.php?rest_route=\/wp\/v2\/users\/1"}],"replies":[{"embeddable":true,"href":"https:\/\/www.actionenvironnementbeauvechain.be\/index.php?rest_route=%2Fwp%2Fv2%2Fcomments&post=2696"}],"version-history":[{"count":1,"href":"https:\/\/www.actionenvironnementbeauvechain.be\/index.php?rest_route=\/wp\/v2\/pages\/2696\/revisions"}],"predecessor-version":[{"id":2698,"href":"https:\/\/www.actionenvironnementbeauvechain.be\/index.php?rest_route=\/wp\/v2\/pages\/2696\/revisions\/2698"}],"wp:attachment":[{"href":"https:\/\/www.actionenvironnementbeauvechain.be\/index.php?rest_route=%2Fwp%2Fv2%2Fmedia&parent=2696"}],"curies":[{"name":"wp","href":"https:\/\/api.w.org\/{rel}","templated":true}]}}